{"id":402,"date":"2017-03-01T15:52:10","date_gmt":"2017-03-01T14:52:10","guid":{"rendered":"http:\/\/naterre.net\/?post_type=tribe_events&#038;p=402"},"modified":"2017-04-05T09:57:46","modified_gmt":"2017-04-05T08:57:46","slug":"fete-des-plantes-de-saint-briac22","status":"publish","type":"tribe_events","link":"https:\/\/naterre.net\/index.php\/event\/fete-des-plantes-de-saint-briac22\/","title":{"rendered":"F\u00eate des plantes de Saint-Briac(22)"},"content":{"rendered":"<h3>Vue sur Ver<strong>t<\/strong><\/h3>\n<address><strong>Centre-bourg de Saint Briac<\/strong><\/address>\n<address><strong>Gratuit <\/strong><\/address>\n<address><strong>Manifestation organis\u00e9e par la municipalit\u00e9 <\/strong><\/address>\n<address><strong>&amp; Jean-Pierre Jolivot<\/strong><\/address>\n<address>\u00a0 3\u00e8me\u00a0\u00e9dition de la f\u00eate des plantes \u00e0 Saint-Briac<\/address>\n<p>\u201cVue sur Vert \u00bb est le rendez vous de printemps des amateurs de belles plantes, pour la grande joie des habitants, commer\u00e7ants et touristes.<\/p>\n<p>Une exposition\/vente,de v\u00e9g\u00e9taux et de produits d\u00e9co autour du jardin. Vous pourrez d\u00e9ambuler au milieu d\u2019une large gamme de plantes vivaces, annuelles, grimpantes, couvre-sols, peu courantes, anciennes, rosiers, plantes aromatiques ou potag\u00e8res, arbustes et arbres en tous genres. Vous trouverez \u00e9galement lors de votre visite des d\u00e9corations d\u2019ext\u00e9rieur et de nombreuses animations propos\u00e9es par les associations, commer\u00e7ants et galeries de Saint-Briac : Initiation au rempotage, bouturage et conseil jardinage, Land-Art, cuisine floral et autre restauration sur place, atelier maquillage \u00ab bouton d\u2019or \u00bb, expositions d\u2019art.<\/p>\n<p>Retrouver\u00a0<u>le samedi 29 avril<\/u>, deux conf\u00e9rences, au Presbyt\u00e8re :<\/p>\n<p>\u2013&gt; 16h00 : conf\u00e9rence de M. Beno\u00eet Guillo sur l\u2019introduction \u00e0 la permaculture<\/p>\n<p>\u2013&gt; 18h00 : conf\u00e9rence du Docteur Dominique Evrard sur les missionnaires Botanistes fran\u00e7ais en chine au 19\u00e8me si\u00e8cle<\/p>\n<p>Une ambiance conviviale pour une th\u00e9matique printani\u00e8re !<\/p>\n","protected":false},"excerpt":{"rendered":"<p>Vue sur Vert Centre-bourg de Saint Briac Gratuit Manifestation organis\u00e9e par la municipalit\u00e9 &amp; Jean-Pierre Jolivot \u00a0 3\u00e8me\u00a0\u00e9dition de la f\u00eate des plantes \u00e0 Saint-Briac \u201cVue sur Vert \u00bb est &hellip; <a href=\"https:\/\/naterre.net\/index.php\/event\/fete-des-plantes-de-saint-briac22\/\" class=\"more-link\">Continuer la lecture de <span class=\"screen-reader-text\">F\u00eate des plantes de Saint-Briac(22)<\/span>  <span class=\"meta-nav\">&rarr;<\/span><\/a><\/p>\n","protected":false},"author":1,"featured_media":437,"template":"","meta":{"_mi_skip_tracking":false,"_tribe_events_status":"","_tribe_events_status_reason":"","footnotes":""},"tags":[],"tribe_events_cat":[],"class_list":["post-402","tribe_events","type-tribe_events","status-publish","has-post-thumbnail","hentry"],"_links":{"self":[{"href":"https:\/\/naterre.net\/index.php\/wp-json\/wp\/v2\/tribe_events\/402","targetHints":{"allow":["GET"]}}],"collection":[{"href":"https:\/\/naterre.net\/index.php\/wp-json\/wp\/v2\/tribe_events"}],"about":[{"href":"https:\/\/naterre.net\/index.php\/wp-json\/wp\/v2\/types\/tribe_events"}],"author":[{"embeddable":true,"href":"https:\/\/naterre.net\/index.php\/wp-json\/wp\/v2\/users\/1"}],"version-history":[{"count":1,"href":"https:\/\/naterre.net\/index.php\/wp-json\/wp\/v2\/tribe_events\/402\/revisions"}],"predecessor-version":[{"id":404,"href":"https:\/\/naterre.net\/index.php\/wp-json\/wp\/v2\/tribe_events\/402\/revisions\/404"}],"wp:featuredmedia":[{"embeddable":true,"href":"https:\/\/naterre.net\/index.php\/wp-json\/wp\/v2\/media\/437"}],"wp:attachment":[{"href":"https:\/\/naterre.net\/index.php\/wp-json\/wp\/v2\/media?parent=402"}],"wp:term":[{"taxonomy":"post_tag","embeddable":true,"href":"https:\/\/naterre.net\/index.php\/wp-json\/wp\/v2\/tags?post=402"},{"taxonomy":"tribe_events_cat","embeddable":true,"href":"https:\/\/naterre.net\/index.php\/wp-json\/wp\/v2\/tribe_events_cat?post=402"}],"curies":[{"name":"wp","href":"https:\/\/api.w.org\/{rel}","templated":true}]}}