{"id":414,"date":"2017-03-01T16:14:54","date_gmt":"2017-03-01T15:14:54","guid":{"rendered":"http:\/\/naterre.net\/?post_type=tribe_events&#038;p=414"},"modified":"2017-03-01T16:25:14","modified_gmt":"2017-03-01T15:25:14","slug":"fete-des-plantes-a-prisse-la-charriere79","status":"publish","type":"tribe_events","link":"https:\/\/naterre.net\/index.php\/event\/fete-des-plantes-a-prisse-la-charriere79\/","title":{"rendered":"F\u00eate des plantes \u00e0 Priss\u00e9 la Charri\u00e8re(79)"},"content":{"rendered":"<h2 class=\"heading\">Le Domaine de P\u00e9r\u00e9<\/h2>\n<p>Ouvre ses portes deux fois par an \u00e0 l\u2019occasion de la F\u00eate des Plantes et du Jardin. La premi\u00e8re f\u00eate a lieu <a href=\"http:\/\/www.fetedesplantespere.fr\/#1\">le deuxi\u00e8me week-end de juin et la seconde, le troisi\u00e8me week-end d\u2019octobre<\/a>. Cette manifestation regroupe plus de 100 exposants du monde des jardins, botanistes, p\u00e9pini\u00e9ristes, horticulteurs, cr\u00e9ateurs, venus de France, de Belgique ou d\u2019Angleterre. La f\u00eate des plantes et du jardin du Domaine de P\u00e9r\u00e9 est l\u2019\u00e9v\u00e9nement o\u00f9 a lieu la rencontre des professionnels passionn\u00e9s et des visiteurs amoureux du jardin dans un cadre plein de charme.<\/p>\n","protected":false},"excerpt":{"rendered":"<p>Le Domaine de P\u00e9r\u00e9 Ouvre ses portes deux fois par an \u00e0 l\u2019occasion de la F\u00eate des Plantes et du Jardin. La premi\u00e8re f\u00eate a lieu le deuxi\u00e8me week-end de &hellip; <a href=\"https:\/\/naterre.net\/index.php\/event\/fete-des-plantes-a-prisse-la-charriere79\/\" class=\"more-link\">Continuer la lecture de <span class=\"screen-reader-text\">F\u00eate des plantes \u00e0 Priss\u00e9 la Charri\u00e8re(79)<\/span>  <span class=\"meta-nav\">&rarr;<\/span><\/a><\/p>\n","protected":false},"author":1,"featured_media":0,"template":"","meta":{"_mi_skip_tracking":false,"_tribe_events_status":"","_tribe_events_status_reason":"","footnotes":""},"tags":[],"tribe_events_cat":[],"class_list":["post-414","tribe_events","type-tribe_events","status-publish","hentry"],"_links":{"self":[{"href":"https:\/\/naterre.net\/index.php\/wp-json\/wp\/v2\/tribe_events\/414","targetHints":{"allow":["GET"]}}],"collection":[{"href":"https:\/\/naterre.net\/index.php\/wp-json\/wp\/v2\/tribe_events"}],"about":[{"href":"https:\/\/naterre.net\/index.php\/wp-json\/wp\/v2\/types\/tribe_events"}],"author":[{"embeddable":true,"href":"https:\/\/naterre.net\/index.php\/wp-json\/wp\/v2\/users\/1"}],"version-history":[{"count":1,"href":"https:\/\/naterre.net\/index.php\/wp-json\/wp\/v2\/tribe_events\/414\/revisions"}],"predecessor-version":[{"id":416,"href":"https:\/\/naterre.net\/index.php\/wp-json\/wp\/v2\/tribe_events\/414\/revisions\/416"}],"wp:attachment":[{"href":"https:\/\/naterre.net\/index.php\/wp-json\/wp\/v2\/media?parent=414"}],"wp:term":[{"taxonomy":"post_tag","embeddable":true,"href":"https:\/\/naterre.net\/index.php\/wp-json\/wp\/v2\/tags?post=414"},{"taxonomy":"tribe_events_cat","embeddable":true,"href":"https:\/\/naterre.net\/index.php\/wp-json\/wp\/v2\/tribe_events_cat?post=414"}],"curies":[{"name":"wp","href":"https:\/\/api.w.org\/{rel}","templated":true}]}}